{"id":3,"date":"2022-01-26T13:53:30","date_gmt":"2022-01-26T13:53:30","guid":{"rendered":"http:\/\/www.tarotdameiga.es\/?page_id=3"},"modified":"2022-02-12T20:35:59","modified_gmt":"2022-02-12T20:35:59","slug":"privacy-policy","status":"publish","type":"page","link":"http:\/\/www.tarotdameiga.es\/?page_id=3","title":{"rendered":"Pol\u00edtica de privacidad"},"content":{"rendered":"<p>[et_pb_section fb_built=\u00bb1&#8243; admin_label=\u00bbHeader\u00bb _builder_version=\u00bb4.6.0&#8243; _module_preset=\u00bbdefault\u00bb background_color=\u00bb#080b13&#8243; background_enable_image=\u00bboff\u00bb background_size=\u00bbinitial\u00bb overflow-x=\u00bbhidden\u00bb overflow-y=\u00bbhidden\u00bb custom_padding=\u00bb5vw||||false|false\u00bb background_last_edited=\u00bboff|tablet\u00bb background_enable_image_phone=\u00bboff\u00bb background_size_tablet=\u00bbcontain\u00bb background_size_phone=\u00bbinitial\u00bb locked=\u00bboff\u00bb global_colors_info=\u00bb{}\u00bb][\/et_pb_section][et_pb_section fb_built=\u00bb1&#8243; admin_label=\u00bbFeatures\u00bb _builder_version=\u00bb4.6.0&#8243; _module_preset=\u00bbdefault\u00bb background_color=\u00bb#080b13&#8243; global_colors_info=\u00bb{}\u00bb][et_pb_row custom_padding_last_edited=\u00bbon|phone\u00bb _builder_version=\u00bb4.6.0&#8243; _module_preset=\u00bbdefault\u00bb background_color=\u00bb#ffffff\u00bb background_image=\u00bbhttp:\/\/www.tarotdameiga.es\/wp-content\/uploads\/2022\/02\/tarot-59-1.png\u00bb background_position=\u00bbbottom_center\u00bb custom_padding=\u00bb80px|40px||40px|false|true\u00bb custom_padding_tablet=\u00bb|30px||30px|false|true\u00bb custom_padding_phone=\u00bb|20px||20px|false|true\u00bb global_colors_info=\u00bb{}\u00bb][et_pb_column type=\u00bb4_4&#8243; _builder_version=\u00bb4.6.0&#8243; _module_preset=\u00bbdefault\u00bb global_colors_info=\u00bb{}\u00bb][et_pb_text _builder_version=\u00bb4.14.7&#8243; text_font=\u00bbKarla||||||||\u00bb text_font_size=\u00bb16px\u00bb text_line_height=\u00bb1.3em\u00bb header_2_font=\u00bbYeseva One||||||||\u00bb header_2_text_align=\u00bbcenter\u00bb header_2_font_size=\u00bb44px\u00bb header_2_line_height=\u00bb1.3em\u00bb header_3_font=\u00bbKarla|700||on|||||\u00bb header_3_text_color=\u00bb#94624f\u00bb header_3_font_size=\u00bb12px\u00bb header_3_letter_spacing=\u00bb4px\u00bb header_3_line_height=\u00bb1.8em\u00bb text_orientation=\u00bbcenter\u00bb text_font_size_tablet=\u00bb\u00bb text_font_size_phone=\u00bb14px\u00bb text_font_size_last_edited=\u00bbon|phone\u00bb header_2_font_size_tablet=\u00bb34px\u00bb header_2_font_size_phone=\u00bb20px\u00bb header_2_font_size_last_edited=\u00bbon|phone\u00bb locked=\u00bboff\u00bb global_colors_info=\u00bb{}\u00bb header_2_2_font_size_tablet=\u00bb34px\u00bb header_3_2_font_size_tablet=\u00bb34px\u00bb header_4_2_font_size_tablet=\u00bb34px\u00bb header_5_2_font_size_tablet=\u00bb34px\u00bb header_6_2_font_size_tablet=\u00bb34px\u00bb header_2_2_font_size_phone=\u00bb20px\u00bb header_3_2_font_size_phone=\u00bb20px\u00bb header_4_2_font_size_phone=\u00bb20px\u00bb header_5_2_font_size_phone=\u00bb20px\u00bb header_6_2_font_size_phone=\u00bb20px\u00bb header_2_2_font_size_last_edited=\u00bbon|phone\u00bb header_3_2_font_size_last_edited=\u00bbon|phone\u00bb header_4_2_font_size_last_edited=\u00bbon|phone\u00bb header_5_2_font_size_last_edited=\u00bbon|phone\u00bb header_6_2_font_size_last_edited=\u00bbon|phone\u00bb]<\/p>\n<h3>a tu disposici\u00f3n<\/h3>\n<h2>La Pol\u00edtica de Privacidad<\/h2>\n<p>[\/et_pb_text][\/et_pb_column][\/et_pb_row][et_pb_row _builder_version=\u00bb4.14.7&#8243; _module_preset=\u00bbdefault\u00bb global_colors_info=\u00bb{}\u00bb][et_pb_column type=\u00bb4_4&#8243; _builder_version=\u00bb4.14.7&#8243; _module_preset=\u00bbdefault\u00bb global_colors_info=\u00bb{}\u00bb][et_pb_text _builder_version=\u00bb4.14.7&#8243; _module_preset=\u00bbdefault\u00bb background_color=\u00bb#FFFFFF\u00bb global_colors_info=\u00bb{}\u00bb]<\/p>\n<header class=\"page-header\">\n<h1 class=\"h1\">Pol\u00edtica de privacidad<\/h1>\n<\/header>\n<section id=\"content\" class=\"page-content page-cms page-cms-1\">\n<h3>Datos identificativos del responsable de la web y del tratamiento de datos personales<\/h3>\n<hr \/>\n<p><strong>Empresa:<\/strong><span>\u00a0<\/span>Secrets Garden<br \/><strong>CIF:<\/strong><span>\u00a0<\/span>ES32690455A<br \/><strong>Direcci\u00f3n:<\/strong><span>\u00a0<\/span>C\/Gracia 16 Granada<\/p>\n<p>A efectos de lo previsto en el Reglamento General de Protecci\u00f3n de Datos antes citado, los datos personales que el usuario nos env\u00ede a trav\u00e9s de los formularios de la web o relaci\u00f3n comercial \/ mercantil, recibir\u00e1n el tratamiento de datos correspondiente.<br \/>Para el tratamiento de datos de nuestros usuarios implementamos todas las medidas t\u00e9cnicas y organizativas de seguridad establecidas en la legislaci\u00f3n vigente.<\/p>\n<p><strong>Regulaciones legales a las que se acoge esta web:<\/strong><br \/>Hemos adecuado esta web a las exigencias de la Ley Org\u00e1nica 15\/1999, de 13 de diciembre, de Protecci\u00f3n de Datos de Car\u00e1cter Personal (LOPD), y al Real Decreto 1720\/2007, de 21 de diciembre, conocido como el Reglamento de desarrollo de la LOPD. Cumple tambi\u00e9n con el Reglamento (UE) 2016\/679 del Parlamento Europeo y del Consejo de 27 de abril de 2016 relativo a la protecci\u00f3n de las personas f\u00edsicas (RGPD), as\u00ed como con la Ley 34\/2002, de 11 de julio, de Servicios de la Sociedad de la Informaci\u00f3n y Comercio Electr\u00f3nico (LSSICE o LSSI).<\/p>\n<p><strong>Mecanismos de captura de informaci\u00f3n<\/strong><br \/>Los datos personales que recabamos y tratamos en esta web proceden exclusivamente de nuestro formulario de contacto. La aportaci\u00f3n de datos personales por parte de los usuarios ser\u00e1 siempre voluntaria y en ning\u00fan caso la requeriremos sin su debido consentimiento previo. No obstante, la recogida de datos del usuario podr\u00e1 requerir para su satisfactorio env\u00edo una cumplimentaci\u00f3n obligatoria de todos y cada uno de los campos que se solicitan en el formulario, de forma completa, lo que vendr\u00e1 marcado con el correspondiente asterisco (*).<br \/>Garantizamos que los datos de car\u00e1cter personal, recogidos y debidamente almacenados en sus ficheros, no ser\u00e1n cedidos a terceros sin consentimiento previo, expreso e inequ\u00edvoco, de los titulares de los mismos, a salvo de las excepciones previstas en la legislaci\u00f3n vigente.<\/p>\n<p><strong>Menores de edad<\/strong><br \/>En el caso de los menores de trece a\u00f1os se requiere el consentimiento de los padres o tutores para el tratamiento de sus datos personales.<br \/>Si es menor de trece a\u00f1os y ha accedido a esta Web sin avisar a tus padres, no debes utilizar los formularios y sistemas de recogida de datos privados.<\/p>\n<p><strong>Derechos sobre la informaci\u00f3n personal suministrada<\/strong><br \/>Los derechos de protecci\u00f3n de datos de los que dispone como titular o interesado son:<br \/>Derecho a solicitar el acceso a los datos personales relativos al interesado<br \/>Derecho de rectificaci\u00f3n<br \/>Derecho de supresi\u00f3n<br \/>Derecho de oposici\u00f3n<br \/>Derecho a solicitar la limitaci\u00f3n de su tratamiento<br \/>Derecho a la portabilidad de los datos<\/p>\n<p>Podr\u00e1 ejercer sus derechos de protecci\u00f3n de datos personales dirigiendo una comunicaci\u00f3n por escrito al domicilio de la Empresa o por correo electr\u00f3nico, incluyendo en ambos casos fotocopia de su DNI u otro documento de identificaci\u00f3n equivalente.<br \/>Los interesados tambi\u00e9n tendr\u00e1n derecho a la tutela judicial efectiva y a presentar una reclamaci\u00f3n ante la autoridad de control, en este caso, la Agencia Espa\u00f1ola de Protecci\u00f3n de Datos, si consideran que el tratamiento de datos personales que le conciernen infringe el Reglamento.<\/p>\n<p><strong>Finalidad del tratamiento de los datos personales<\/strong><br \/>\u00danicamente tratamos los datos de car\u00e1cter personal que nos facilita en los formularios de la Web y exclusivamente con la finalidad de remitirle la informaci\u00f3n solicitada y\/o resolver las dudas o cuestiones que nos plantea, y para enviarle comunicaciones electr\u00f3nicas relativas a nuestras actividades o servicios.<br \/>A tal efecto, y para cumplir con estas finalidades, es importante que nos informe de cualquier modificaci\u00f3n que se produzca en sus datos personales a fin de mantenerlos actualizados. En caso contrario, no respondemos de la veracidad de los mismos.<\/p>\n<p><strong>Base legal para el tratamiento de datos personales<\/strong><br \/>La base legal para el tratamiento de sus datos personales es el consentimiento que presta al aceptar esta Pol\u00edtica de Privacidad antes de enviarnos\/ facilitarnos sus datos.<br \/>Los datos que le solicitamos son adecuados, pertinentes y estrictamente necesarios y en ning\u00fan caso est\u00e1 obligado a facilit\u00e1rnoslos, pero su no comunicaci\u00f3n podr\u00e1 afectar a la finalidad del servicio o la imposibilidad de prestarlo.<\/p>\n<p><strong>Tiempo de conservaremos de datos<\/strong><br \/>Los datos personales proporcionados se conservar\u00e1n mientras no se solicite su supresi\u00f3n por parte del interesado.<\/p>\n<p><strong>Destinatarios a quienes se comunicar\u00e1n datos personales<\/strong><br \/>No se comunicar\u00e1n datos a terceros excepto en los casos legalmente previstos.<br \/>Se informa al Usuario que para la correcta prestaci\u00f3n de los servicios Web y Empresariales, lo distintos prestadores de servicios contratados por la Empresa (encargados del tratamiento) podr\u00e1n tener acceso a la informaci\u00f3n personal necesaria para realizar sus funciones. Nos referimos a modo de ejemplo no exclusivo: \u201cDatacenter y proveedores de Hosting\u201d, \u201cregistro dominios\u201d, \u201cservicios contables y de gestor\u00eda\u201d, \u201cservicios de gesti\u00f3n bancaria\u201d, \u201cimpuestos y tributos\u201d\u2026<br \/>Estos servicios prestados por terceros son necesarios para el desarrollo de la actividad y, en todo momento, el tratamiento de los datos que lleven a cabo se rige por las mismas normativas de protecci\u00f3n de datos. En ning\u00fan caso est\u00e1n autorizados a utilizar\u00e1n la informaci\u00f3n para otros fines y tienen la obligaci\u00f3n de tratarla de conformidad con las directrices acordes a su pol\u00edtica de privacidad y a la normativa vigente en materia de protecci\u00f3n de datos.<br \/>En nuestro compromiso con la privacidad y protecci\u00f3n de datos del Usuario, \u00fanicamente contratamos prestadores de servicio que ofrezcan las garant\u00edas suficientes para aplicar medidas t\u00e9cnicas y organizativas apropiadas, de manera que el tratamiento sea conforme la legislaci\u00f3n aplicable en materia de protecci\u00f3n de datos y garanticen la protecci\u00f3n de los derechos del Usuario.<\/p>\n<p><strong>Navegaci\u00f3n<\/strong><br \/>Al navegar por la Web se pueden recoger datos no identificables, que pueden incluir, direcciones IP, ubicaci\u00f3n geogr\u00e1fica (aproximadamente), un registro de c\u00f3mo se utilizan nuestros servicios y sitios, y otros datos que no pueden ser utilizados para identificar al usuario. Entre los datos no identificativos est\u00e1n tambi\u00e9n los relacionados a tus h\u00e1bitos de navegaci\u00f3n a trav\u00e9s de servicios de terceros como Google Analitycs y\/o similares Utilizamos esta informaci\u00f3n para analizar tendencias, administrar el sitio, rastrear los movimientos de los usuarios alrededor del sitio y para recopilar informaci\u00f3n demogr\u00e1fica sobre nuestra base de usuarios en su conjunto.<\/p>\n<p><strong>Secreto y seguridad de los datos<\/strong><br \/>Nos comprometemos en el uso y tratamiento de los datos personales de los usuarios, respetando su confidencialidad y a utilizarlos de acuerdo con la finalidad del mismo, as\u00ed como a dar cumplimiento a su obligaci\u00f3n de guardarlos y adaptar todas las medidas para evitar la alteraci\u00f3n, p\u00e9rdida, tratamiento o acceso no autorizado (como los protocolos https que utilizamos), de conformidad con lo establecido en la normativa vigente de protecci\u00f3n de datos.<br \/>No podemos garantizar la absoluta inexpugnabilidad de la red Internet y por tanto la violaci\u00f3n de los datos mediante accesos fraudulentos a ellos por parte de terceros.<\/p>\n<p><strong>Exactitud y veracidad de los datos<\/strong><br \/>Como usuario, eres el \u00fanico responsable de la veracidad y correcci\u00f3n de los datos remitidos exoner\u00e1ndonos de cualquier responsabilidad al respecto. Los usuarios garantizan y responden, en cualquier caso, de la exactitud, vigencia y autenticidad de los datos personales facilitados, y se comprometen a mantenerlos debidamente actualizados. El usuario acepta proporcionar informaci\u00f3n completa y correcta en el formulario de contacto o suscripci\u00f3n.<\/p>\n<p><strong>Aceptaci\u00f3n y consentimiento<\/strong><br \/>El Usuario declara haber sido informado de las condiciones sobre protecci\u00f3n de datos de car\u00e1cter personal, aceptando y consintiendo el tratamiento de los mismos por parte de la Empresa en la forma y para las finalidades indicadas en esta pol\u00edtica de privacidad.<\/p>\n<p><strong>Cambios en la pol\u00edtica de privacidad<\/strong><br \/>Nos reservamos el derecho a modificar la presente pol\u00edtica para adaptarla a novedades legislativas o jurisprudenciales, as\u00ed como a pr\u00e1cticas de la industria.<\/p>\n<p><strong>Correos comerciales<\/strong><br \/>De acuerdo con la LSSICE no realizamos pr\u00e1cticas de SPAM a listados de e-mails comprados o capturados de Internet. \u00danicamente enviaremos comunicaciones a quien previamente nos ha facilitado sus datos desde los formularios de la Web, aceptando nuestra \u201cpol\u00edtica de privacidad\u201d. Conforme a lo dispuesto en la Ley 34\/2002 de Servicios de la Sociedad de la Informaci\u00f3n y de comercio electr\u00f3nico, nos comprometemos a no enviar comunicaciones de car\u00e1cter comercial sin identificarlas debidamente<\/p>\n<\/section>\n<p>[\/et_pb_text][\/et_pb_column][\/et_pb_row][et_pb_row custom_padding_last_edited=\u00bbon|phone\u00bb _builder_version=\u00bb4.6.0&#8243; _module_preset=\u00bbdefault\u00bb background_color=\u00bb#ffffff\u00bb background_image=\u00bbhttp:\/\/www.tarotdameiga.es\/wp-content\/uploads\/2022\/02\/tarot-60-1.png\u00bb background_position=\u00bbtop_center\u00bb min_height=\u00bb157px\u00bb custom_padding=\u00bb|40px|80px|40px|false|true\u00bb custom_padding_tablet=\u00bb|30px||30px|false|true\u00bb custom_padding_phone=\u00bb|20px||20px|false|true\u00bb global_colors_info=\u00bb{}\u00bb][et_pb_column type=\u00bb4_4&#8243; _builder_version=\u00bb4.6.0&#8243; _module_preset=\u00bbdefault\u00bb global_colors_info=\u00bb{}\u00bb][\/et_pb_column][\/et_pb_row][\/et_pb_section][et_pb_section fb_built=\u00bb1&#8243; admin_label=\u00bbFooter\u00bb _builder_version=\u00bb4.6.0&#8243; _module_preset=\u00bbdefault\u00bb background_color=\u00bb#080b13&#8243; use_background_color_gradient=\u00bbon\u00bb background_color_gradient_start=\u00bb#080b13&#8243; background_color_gradient_end=\u00bbrgba(8,11,19,0.5)\u00bb background_color_gradient_overlays_image=\u00bbon\u00bb background_image=\u00bbhttp:\/\/www.tarotdameiga.es\/wp-content\/uploads\/2022\/01\/tarot-56.jpg\u00bb background_position=\u00bbbottom_center\u00bb custom_padding=\u00bb6vw||6vw||true|false\u00bb locked=\u00bboff\u00bb global_colors_info=\u00bb{}\u00bb][et_pb_row column_structure=\u00bb1_3,1_3,1_3&#8243; use_custom_gutter=\u00bbon\u00bb gutter_width=\u00bb1&#8243; make_equal=\u00bbon\u00bb _builder_version=\u00bb4.6.0&#8243; _module_preset=\u00bbdefault\u00bb use_background_color_gradient=\u00bbon\u00bb background_color_gradient_start=\u00bbrgba(8,11,19,0.55)\u00bb background_color_gradient_end=\u00bbrgba(8,11,19,0)\u00bb background_color_gradient_overlays_image=\u00bbon\u00bb background_image=\u00bbhttp:\/\/www.tarotdameiga.es\/wp-content\/uploads\/2022\/01\/tarot-57.jpg\u00bb custom_padding=\u00bb0px||0px||true|false\u00bb border_width_all=\u00bb1px\u00bb border_color_all=\u00bbrgba(255,255,255,0.08)\u00bb global_colors_info=\u00bb{}\u00bb][et_pb_column type=\u00bb1_3&#8243; _builder_version=\u00bb4.6.0&#8243; _module_preset=\u00bbdefault\u00bb custom_padding=\u00bb64px|20px|64px|20px|true|true\u00bb border_color_all=\u00bbrgba(255,255,255,0.08)\u00bb border_width_right=\u00bb1px\u00bb global_colors_info=\u00bb{}\u00bb][et_pb_blurb title=\u00bbEmail\u00bb _builder_version=\u00bb4.14.7&#8243; _module_preset=\u00bbdefault\u00bb header_font=\u00bbKarla|700||on|||||\u00bb header_text_color=\u00bb#94624f\u00bb header_font_size=\u00bb12px\u00bb header_letter_spacing=\u00bb4px\u00bb header_line_height=\u00bb1.3em\u00bb body_font=\u00bbYeseva One||||||||\u00bb body_font_size=\u00bb20px\u00bb text_orientation=\u00bbcenter\u00bb background_layout=\u00bbdark\u00bb global_colors_info=\u00bb{}\u00bb]<\/p>\n<p>almasmeigas@gmail.com<\/p>\n<p>[\/et_pb_blurb][\/et_pb_column][et_pb_column type=\u00bb1_3&#8243; _builder_version=\u00bb4.5.1&#8243; _module_preset=\u00bbdefault\u00bb custom_padding=\u00bb64px|20px|64px|20px|true|true\u00bb border_color_all=\u00bbrgba(255,255,255,0.08)\u00bb border_width_right=\u00bb1px\u00bb global_colors_info=\u00bb{}\u00bb][et_pb_blurb title=\u00bbWhatsapp\u00bb _builder_version=\u00bb4.14.7&#8243; _module_preset=\u00bbdefault\u00bb header_font=\u00bbKarla|700||on|||||\u00bb header_text_color=\u00bb#94624f\u00bb header_font_size=\u00bb12px\u00bb header_letter_spacing=\u00bb4px\u00bb header_line_height=\u00bb1.3em\u00bb body_font=\u00bbYeseva One||||||||\u00bb body_font_size=\u00bb20px\u00bb text_orientation=\u00bbcenter\u00bb background_layout=\u00bbdark\u00bb locked=\u00bboff\u00bb global_colors_info=\u00bb{}\u00bb]<\/p>\n<p>(34) 670 773 714<\/p>\n<p>[\/et_pb_blurb][\/et_pb_column][et_pb_column type=\u00bb1_3&#8243; _builder_version=\u00bb4.5.1&#8243; _module_preset=\u00bbdefault\u00bb custom_padding=\u00bb64px|20px|64px|20px|true|true\u00bb border_color_all=\u00bbrgba(255,255,255,0.08)\u00bb border_width_right=\u00bb1px\u00bb global_colors_info=\u00bb{}\u00bb][et_pb_blurb title=\u00bbSocial Media\u00bb _builder_version=\u00bb4.14.7&#8243; _module_preset=\u00bbdefault\u00bb header_font=\u00bbKarla|700||on|||||\u00bb header_text_color=\u00bb#94624f\u00bb header_font_size=\u00bb12px\u00bb header_letter_spacing=\u00bb4px\u00bb header_line_height=\u00bb1.3em\u00bb body_font=\u00bbYeseva One||||||||\u00bb body_text_color=\u00bb#d7e1f3&#8243; body_font_size=\u00bb20px\u00bb text_orientation=\u00bbcenter\u00bb locked=\u00bboff\u00bb global_colors_info=\u00bb{}\u00bb][\/et_pb_blurb][et_pb_social_media_follow _builder_version=\u00bb4.14.7&#8243; _module_preset=\u00bbdefault\u00bb text_orientation=\u00bbcenter\u00bb custom_margin_last_edited=\u00bboff|desktop\u00bb global_colors_info=\u00bb{}\u00bb][et_pb_social_media_follow_network social_network=\u00bbfacebook\u00bb _builder_version=\u00bb4.14.7&#8243; _module_preset=\u00bbdefault\u00bb background_enable_color=\u00bboff\u00bb global_colors_info=\u00bb{}\u00bb follow_button=\u00bboff\u00bb url_new_window=\u00bbon\u00bb]facebook[\/et_pb_social_media_follow_network][et_pb_social_media_follow_network social_network=\u00bbinstagram\u00bb _builder_version=\u00bb4.5.1&#8243; _module_preset=\u00bbdefault\u00bb background_enable_color=\u00bboff\u00bb global_colors_info=\u00bb{}\u00bb follow_button=\u00bboff\u00bb url_new_window=\u00bbon\u00bb]instagram[\/et_pb_social_media_follow_network][et_pb_social_media_follow_network social_network=\u00bbyoutube\u00bb _builder_version=\u00bb4.14.7&#8243; _module_preset=\u00bbdefault\u00bb background_enable_color=\u00bboff\u00bb global_colors_info=\u00bb{}\u00bb follow_button=\u00bboff\u00bb url_new_window=\u00bbon\u00bb]youtube[\/et_pb_social_media_follow_network][\/et_pb_social_media_follow][\/et_pb_column][\/et_pb_row][\/et_pb_section]<\/p>\n","protected":false},"excerpt":{"rendered":"<p>a tu disposici\u00f3n La Pol\u00edtica de Privacidad Pol\u00edtica de privacidad Datos identificativos del responsable de la web y del tratamiento de datos personales Empresa:\u00a0Secrets GardenCIF:\u00a0ES32690455ADirecci\u00f3n:\u00a0C\/Gracia 16 Granada A efectos de lo previsto en el Reglamento General de Protecci\u00f3n de Datos antes citado, los datos personales que el usuario nos env\u00ede a trav\u00e9s de los formularios [&hellip;]<\/p>\n","protected":false},"author":1,"featured_media":0,"parent":0,"menu_order":0,"comment_status":"closed","ping_status":"closed","template":"","meta":{"_et_pb_use_builder":"on","_et_pb_old_content":"<!-- wp:heading --><h2>Who we are<\/h2><!-- \/wp:heading --><!-- wp:paragraph --><p><strong class=\"privacy-policy-tutorial\">Suggested text: <\/strong>Our website address is: http:\/\/www.tarotdameiga.es.<\/p><!-- \/wp:paragraph --><!-- wp:heading --><h2>Comments<\/h2><!-- \/wp:heading --><!-- wp:paragraph --><p><strong class=\"privacy-policy-tutorial\">Suggested text: <\/strong>When visitors leave comments on the site we collect the data shown in the comments form, and also the visitor&#8217;s IP address and browser user agent string to help spam detection.<\/p><!-- \/wp:paragraph --><!-- wp:paragraph --><p>An anonymized string created from your email address (also called a hash) may be provided to the Gravatar service to see if you are using it. The Gravatar service privacy policy is available here: https:\/\/automattic.com\/privacy\/. After approval of your comment, your profile picture is visible to the public in the context of your comment.<\/p><!-- \/wp:paragraph --><!-- wp:heading --><h2>Media<\/h2><!-- \/wp:heading --><!-- wp:paragraph --><p><strong class=\"privacy-policy-tutorial\">Suggested text: <\/strong>If you upload images to the website, you should avoid uploading images with embedded location data (EXIF GPS) included. Visitors to the website can download and extract any location data from images on the website.<\/p><!-- \/wp:paragraph --><!-- wp:heading --><h2>Cookies<\/h2><!-- \/wp:heading --><!-- wp:paragraph --><p><strong class=\"privacy-policy-tutorial\">Suggested text: <\/strong>If you leave a comment on our site you may opt-in to saving your name, email address and website in cookies. These are for your convenience so that you do not have to fill in your details again when you leave another comment. These cookies will last for one year.<\/p><!-- \/wp:paragraph --><!-- wp:paragraph --><p>If you visit our login page, we will set a temporary cookie to determine if your browser accepts cookies. This cookie contains no personal data and is discarded when you close your browser.<\/p><!-- \/wp:paragraph --><!-- wp:paragraph --><p>When you log in, we will also set up several cookies to save your login information and your screen display choices. Login cookies last for two days, and screen options cookies last for a year. If you select &quot;Remember Me&quot;, your login will persist for two weeks. If you log out of your account, the login cookies will be removed.<\/p><!-- \/wp:paragraph --><!-- wp:paragraph --><p>If you edit or publish an article, an additional cookie will be saved in your browser. This cookie includes no personal data and simply indicates the post ID of the article you just edited. It expires after 1 day.<\/p><!-- \/wp:paragraph --><!-- wp:heading --><h2>Embedded content from other websites<\/h2><!-- \/wp:heading --><!-- wp:paragraph --><p><strong class=\"privacy-policy-tutorial\">Suggested text: <\/strong>Articles on this site may include embedded content (e.g. videos, images, articles, etc.). Embedded content from other websites behaves in the exact same way as if the visitor has visited the other website.<\/p><!-- \/wp:paragraph --><!-- wp:paragraph --><p>These websites may collect data about you, use cookies, embed additional third-party tracking, and monitor your interaction with that embedded content, including tracking your interaction with the embedded content if you have an account and are logged in to that website.<\/p><!-- \/wp:paragraph --><!-- wp:heading --><h2>Who we share your data with<\/h2><!-- \/wp:heading --><!-- wp:paragraph --><p><strong class=\"privacy-policy-tutorial\">Suggested text: <\/strong>If you request a password reset, your IP address will be included in the reset email.<\/p><!-- \/wp:paragraph --><!-- wp:heading --><h2>How long we retain your data<\/h2><!-- \/wp:heading --><!-- wp:paragraph --><p><strong class=\"privacy-policy-tutorial\">Suggested text: <\/strong>If you leave a comment, the comment and its metadata are retained indefinitely. This is so we can recognize and approve any follow-up comments automatically instead of holding them in a moderation queue.<\/p><!-- \/wp:paragraph --><!-- wp:paragraph --><p>For users that register on our website (if any), we also store the personal information they provide in their user profile. All users can see, edit, or delete their personal information at any time (except they cannot change their username). Website administrators can also see and edit that information.<\/p><!-- \/wp:paragraph --><!-- wp:heading --><h2>What rights you have over your data<\/h2><!-- \/wp:heading --><!-- wp:paragraph --><p><strong class=\"privacy-policy-tutorial\">Suggested text: <\/strong>If you have an account on this site, or have left comments, you can request to receive an exported file of the personal data we hold about you, including any data you have provided to us. You can also request that we erase any personal data we hold about you. This does not include any data we are obliged to keep for administrative, legal, or security purposes.<\/p><!-- \/wp:paragraph --><!-- wp:heading --><h2>Where we send your data<\/h2><!-- \/wp:heading --><!-- wp:paragraph --><p><strong class=\"privacy-policy-tutorial\">Suggested text: <\/strong>Visitor comments may be checked through an automated spam detection service.<\/p><!-- \/wp:paragraph -->","_et_gb_content_width":"","_joinchat":[],"footnotes":""},"class_list":["post-3","page","type-page","status-publish","hentry"],"_links":{"self":[{"href":"http:\/\/www.tarotdameiga.es\/index.php?rest_route=\/wp\/v2\/pages\/3","targetHints":{"allow":["GET"]}}],"collection":[{"href":"http:\/\/www.tarotdameiga.es\/index.php?rest_route=\/wp\/v2\/pages"}],"about":[{"href":"http:\/\/www.tarotdameiga.es\/index.php?rest_route=\/wp\/v2\/types\/page"}],"author":[{"embeddable":true,"href":"http:\/\/www.tarotdameiga.es\/index.php?rest_route=\/wp\/v2\/users\/1"}],"replies":[{"embeddable":true,"href":"http:\/\/www.tarotdameiga.es\/index.php?rest_route=%2Fwp%2Fv2%2Fcomments&post=3"}],"version-history":[{"count":5,"href":"http:\/\/www.tarotdameiga.es\/index.php?rest_route=\/wp\/v2\/pages\/3\/revisions"}],"predecessor-version":[{"id":120,"href":"http:\/\/www.tarotdameiga.es\/index.php?rest_route=\/wp\/v2\/pages\/3\/revisions\/120"}],"wp:attachment":[{"href":"http:\/\/www.tarotdameiga.es\/index.php?rest_route=%2Fwp%2Fv2%2Fmedia&parent=3"}],"curies":[{"name":"wp","href":"https:\/\/api.w.org\/{rel}","templated":true}]}}